{"id":66,"date":"2021-08-04T16:36:05","date_gmt":"2021-08-04T14:36:05","guid":{"rendered":"https:\/\/schulen-rommerskirchen.de\/ggs-frixheim\/?page_id=66"},"modified":"2024-06-03T13:45:51","modified_gmt":"2024-06-03T11:45:51","slug":"ogs","status":"publish","type":"page","link":"https:\/\/schulen-rommerskirchen.de\/ggs-frixheim\/ogs\/","title":{"rendered":"OGS"},"content":{"rendered":"<p>[et_pb_section fb_built=&#8220;1&#8243; _builder_version=&#8220;4.25.1&#8243; background_image=&#8220;https:\/\/schulen-rommerskirchen.de\/ggs-frixheim\/wp-content\/uploads\/sites\/3\/2023\/03\/shapes-bg-1.png&#8220; parallax=&#8220;on&#8220; custom_padding=&#8220;0px||2vw||false|false&#8220; hover_enabled=&#8220;0&#8243; global_colors_info=&#8220;{}&#8220; use_background_color_gradient=&#8220;on&#8220; background_color_gradient_stops=&#8220;#ecf2ff 0%|#ffffff 100%&#8220; sticky_enabled=&#8220;0&#8243;][et_pb_row admin_label=&#8220;ganze bunte Welle &#8211; NICHT L\u00d6SCHEN&#8220; hide_aria_element=&#8220;on&#8220; _builder_version=&#8220;4.20.4&#8243; _module_preset=&#8220;default&#8220; width=&#8220;100%&#8220; max_width=&#8220;100%&#8220; custom_margin=&#8220;0px||||false|false&#8220; custom_padding=&#8220;1em||||false|false&#8220; global_module=&#8220;283&#8243; saved_tabs=&#8220;all&#8220; global_colors_info=&#8220;{}&#8220;][et_pb_column type=&#8220;4_4&#8243; _builder_version=&#8220;4.20.1&#8243; _module_preset=&#8220;default&#8220; global_colors_info=&#8220;{}&#8220;][et_pb_image src=&#8220;https:\/\/schulen-rommerskirchen.de\/ggs-frixheim\/wp-content\/uploads\/sites\/3\/2023\/03\/wel-3f-header-voll.png&#8220; alt=&#8220;Welle&#8220; title_text=&#8220;Welle&#8220; force_fullwidth=&#8220;on&#8220; admin_label=&#8220;bunte Welle voll&#8220; hide_aria_element=&#8220;on&#8220; _builder_version=&#8220;4.20.1&#8243; _module_preset=&#8220;default&#8220; custom_margin=&#8220;0px||||false|false&#8220; custom_padding=&#8220;0px||||false|false&#8220; global_colors_info=&#8220;{}&#8220;][\/et_pb_image][\/et_pb_column][\/et_pb_row][et_pb_row _builder_version=&#8220;4.24.3&#8243; _module_preset=&#8220;default&#8220; global_colors_info=&#8220;{}&#8220;][et_pb_column type=&#8220;4_4&#8243; _builder_version=&#8220;4.24.3&#8243; _module_preset=&#8220;default&#8220; global_colors_info=&#8220;{}&#8220;][et_pb_text _builder_version=&#8220;4.24.3&#8243; _module_preset=&#8220;default&#8220; text_orientation=&#8220;center&#8220; global_colors_info=&#8220;{}&#8220;]<\/p>\n<h1>Offene Ganztagsschule<\/h1>\n<p>[\/et_pb_text][\/et_pb_column][\/et_pb_row][et_pb_row column_structure=&#8220;1_2,1_2&#8243; admin_label=&#8220;Zeile 1&#8243; _builder_version=&#8220;4.24.2&#8243; _module_preset=&#8220;default&#8220; global_colors_info=&#8220;{}&#8220;][et_pb_column type=&#8220;1_2&#8243; _builder_version=&#8220;4.20.2&#8243; _module_preset=&#8220;default&#8220; global_colors_info=&#8220;{}&#8220;][et_pb_text _builder_version=&#8220;4.20.2&#8243; _module_preset=&#8220;default&#8220; global_colors_info=&#8220;{}&#8220;]Die GGS Frixheim ist seit dem Schuljahr 2003\/04 Offene Ganztagsschule und will als solche F\u00f6rderung, Bildung, Erziehung und Betreuung unter einem Dach vereinen.<\/p>\n<p>Im Schulprogramm sind f\u00fcr den Unterricht am Vormittag die F\u00f6rderung der Sozialf\u00e4higkeit und die St\u00e4rkung der Selbstst\u00e4ndigkeit besonders betont. Diese Grunds\u00e4tze gelten gleicherma\u00dfen f\u00fcr die nachmitt\u00e4gliche Arbeit.[\/et_pb_text][\/et_pb_column][et_pb_column type=&#8220;1_2&#8243; _builder_version=&#8220;4.20.2&#8243; _module_preset=&#8220;default&#8220; global_colors_info=&#8220;{}&#8220;][et_pb_text _builder_version=&#8220;4.20.2&#8243; _module_preset=&#8220;default&#8220; global_colors_info=&#8220;{}&#8220;]Auch hier sollen die Kinder sich angenommen und ernst genommen f\u00fchlen und Gelegenheit erhalten, ihre Kr\u00e4fte und F\u00e4higkeiten in verschiedenen Bereichen unter fachkundiger Anleitung zu entdecken und zu erweitern. Dies geschieht sowohl durch gezielte F\u00f6rderung in den Arbeitsgemeinschaften, als auch in den Gruppen durch die Schaffung von Freir\u00e4umen zu selbst bestimmtem Handeln.[\/et_pb_text][\/et_pb_column][\/et_pb_row][et_pb_row column_structure=&#8220;1_2,1_2&#8243; admin_label=&#8220;Zeile 2&#8243; _builder_version=&#8220;4.24.2&#8243; _module_preset=&#8220;default&#8220; global_colors_info=&#8220;{}&#8220;][et_pb_column type=&#8220;1_2&#8243; _builder_version=&#8220;4.20.2&#8243; _module_preset=&#8220;default&#8220; global_colors_info=&#8220;{}&#8220;][et_pb_gallery gallery_ids=&#8220;702,701,700&#8243; show_title_and_caption=&#8220;off&#8220; show_pagination=&#8220;off&#8220; _builder_version=&#8220;4.20.2&#8243; _module_preset=&#8220;default&#8220; border_radii_image=&#8220;on|10px|10px|10px|10px&#8220; box_shadow_style_image=&#8220;preset3&#8243; global_colors_info=&#8220;{}&#8220;][\/et_pb_gallery][\/et_pb_column][et_pb_column type=&#8220;1_2&#8243; _builder_version=&#8220;4.20.2&#8243; _module_preset=&#8220;default&#8220; global_colors_info=&#8220;{}&#8220;][\/et_pb_column][\/et_pb_row][et_pb_row admin_label=&#8220;Geile schei\u00dfe die funktioniert&#8220; _builder_version=&#8220;4.24.2&#8243; _module_preset=&#8220;default&#8220; global_colors_info=&#8220;{}&#8220;][et_pb_column type=&#8220;4_4&#8243; _builder_version=&#8220;4.20.2&#8243; _module_preset=&#8220;default&#8220; global_colors_info=&#8220;{}&#8220;][et_pb_text disabled_on=&#8220;off|off|off&#8220; admin_label=&#8220;Was bedeutet Ganztag?&#8220; _builder_version=&#8220;4.24.2&#8243; _module_preset=&#8220;default&#8220; global_colors_info=&#8220;{}&#8220;]<\/p>\n<h2 style=\"text-align: center\">Was bedeutet Ganztag?<\/h2>\n<p>[\/et_pb_text][\/et_pb_column][\/et_pb_row][et_pb_row column_structure=&#8220;1_2,1_2&#8243; admin_label=&#8220;Geile schei\u00dfe die funktioniert Teil 2&#8243; _builder_version=&#8220;4.24.2&#8243; _module_preset=&#8220;default&#8220; global_colors_info=&#8220;{}&#8220;][et_pb_column type=&#8220;1_2&#8243; _builder_version=&#8220;4.20.2&#8243; _module_preset=&#8220;default&#8220; global_colors_info=&#8220;{}&#8220;][et_pb_text admin_label=&#8220;Neu&#8220; _builder_version=&#8220;4.24.2&#8243; _module_preset=&#8220;default&#8220; global_colors_info=&#8220;{}&#8220;]<\/p>\n<h3>F\u00fcr die Kinder bedeutet Ganztag:<\/h3>\n<ul>\n<li>ein abwechslungsreiches Miteinander<\/li>\n<li>mit Freunden lernen<\/li>\n<li>mit Freunden spielen<\/li>\n<li>mit Freunden basteln<\/li>\n<li>mit Freunden turnen<\/li>\n<li>mit Freunden toben, u.v.m.<\/li>\n<\/ul>\n<p>[\/et_pb_text][\/et_pb_column][et_pb_column type=&#8220;1_2&#8243; _builder_version=&#8220;4.20.2&#8243; _module_preset=&#8220;default&#8220; global_colors_info=&#8220;{}&#8220;][et_pb_text admin_label=&#8220;Neu&#8220; _builder_version=&#8220;4.24.2&#8243; _module_preset=&#8220;default&#8220; global_colors_info=&#8220;{}&#8220;]<\/p>\n<h3>F\u00fcr die Eltern bedeutet Ganztag:<\/h3>\n<ul>\n<li>eine verl\u00e4ssliche Einrichtung, in der die Kinder in enger Zusammenarbeit von Lehrern und Erziehern in ihrer ganzen Pers\u00f6nlichkeit gefordert und gef\u00f6rdert werden.<\/li>\n<\/ul>\n<p>[\/et_pb_text][\/et_pb_column][\/et_pb_row][et_pb_row _builder_version=&#8220;4.20.2&#8243; _module_preset=&#8220;default&#8220; global_colors_info=&#8220;{}&#8220;][et_pb_column type=&#8220;4_4&#8243; _builder_version=&#8220;4.20.2&#8243; _module_preset=&#8220;default&#8220; global_colors_info=&#8220;{}&#8220;][et_pb_text _builder_version=&#8220;4.20.2&#8243; _module_preset=&#8220;default&#8220; text_orientation=&#8220;center&#8220; global_colors_info=&#8220;{}&#8220;]<\/p>\n<h3>Die Kinder der OGS sind in 2 altersgemischte Gruppen eingeteilt:<\/h3>\n<p>[\/et_pb_text][\/et_pb_column][\/et_pb_row][et_pb_row _builder_version=&#8220;4.20.2&#8243; _module_preset=&#8220;default&#8220; global_colors_info=&#8220;{}&#8220;][et_pb_column type=&#8220;4_4&#8243; _builder_version=&#8220;4.20.2&#8243; _module_preset=&#8220;default&#8220; global_colors_info=&#8220;{}&#8220;][et_pb_text _builder_version=&#8220;4.24.2&#8243; _module_preset=&#8220;default&#8220; global_colors_info=&#8220;{}&#8220;]<\/p>\n<p>Die Kinder der OGS bleiben beim Mittagessen und den Hausaufgaben im Klassenverband. F\u00fcr jede Klasse ist eine p\u00e4dagogische Fachkraft als \u201eBezugserzieherin\u201c zust\u00e4ndig. Sie f\u00fchrt die Kinder der Klassen durch den Nachmittag und ist die Ansprechpartnerin f\u00fcr die jeweiligen Eltern.<br \/>Beim Freispiel am Nachmittag haben die Kinder dann die M\u00f6glichkeit, alters\u00fcbergreifend mit den Kindern der anderen Klassen zu spielen und auch hier Freundschaften zu vertiefen. Daf\u00fcr stehen derzeit insgesamt 6 gro\u00dfe R\u00e4ume zur Verf\u00fcgung. Hier finden die Kinder unterschiedliche Spielecken, in denen sie in Kleingruppen ihren Interessen nachgehen k\u00f6nnen. Gesellschaftsspiele, basteln, lesen, entspannen geh\u00f6ren zum Angebot genauso wie bauen mit Lego, Kaplasteinen, Playmobil oder Gro\u00dfbausteinen.<br \/>Au\u00dferdem gibt es einen Bewegungsraum mit Kletterger\u00fcst und Turnmatten sowie ein Kreativraum mit Staffeleien zum Malen, sowie einer \u201eChill-Ecke\u201c und weiterem Konstuktionsmaterial.<\/p>\n<p>[\/et_pb_text][et_pb_text _builder_version=&#8220;4.24.2&#8243; _module_preset=&#8220;default&#8220; global_colors_info=&#8220;{}&#8220;][\/et_pb_text][et_pb_gallery gallery_ids=&#8220;699,698&#8243; posts_number=&#8220;2&#8243; show_title_and_caption=&#8220;off&#8220; show_pagination=&#8220;off&#8220; _builder_version=&#8220;4.20.2&#8243; _module_preset=&#8220;default&#8220; border_radii_image=&#8220;on|10px|10px|10px|10px&#8220; box_shadow_style_image=&#8220;preset3&#8243; global_colors_info=&#8220;{}&#8220;][\/et_pb_gallery][\/et_pb_column][\/et_pb_row][\/et_pb_section][et_pb_section fb_built=&#8220;1&#8243; _builder_version=&#8220;4.20.2&#8243; _module_preset=&#8220;default&#8220; background_image=&#8220;https:\/\/schulen-rommerskirchen.de\/ggs-frixheim\/wp-content\/uploads\/sites\/3\/2023\/03\/shapes-bg-1.png&#8220; parallax=&#8220;on&#8220; global_colors_info=&#8220;{}&#8220;][et_pb_row column_structure=&#8220;1_3,1_3,1_3&#8243; disabled_on=&#8220;on|on|on&#8220; _builder_version=&#8220;4.24.3&#8243; _module_preset=&#8220;default&#8220; custom_margin=&#8220;||1.5em||false|false&#8220; custom_padding=&#8220;||1.5em||false|false&#8220; border_width_bottom=&#8220;3px&#8220; border_color_bottom=&#8220;#314077&#8243; border_style_bottom=&#8220;dotted&#8220; disabled=&#8220;on&#8220; global_colors_info=&#8220;{}&#8220;][et_pb_column type=&#8220;1_3&#8243; _builder_version=&#8220;4.20.2&#8243; _module_preset=&#8220;default&#8220; global_colors_info=&#8220;{}&#8220;][et_pb_text admin_label=&#8220;Das Team der OGS&#8220; _builder_version=&#8220;4.24.2&#8243; _module_preset=&#8220;default&#8220; global_colors_info=&#8220;{}&#8220;]<\/p>\n<h2>Das Team der OGS<\/h2>\n<p>Das Team der OGS besteht zurzeit aus einer sozialp\u00e4dagogischen Leitung und acht p\u00e4dagogischen Fachkr\u00e4ften, sowie zwei hauswirtschaftlichen Kr\u00e4ften. Des Weiteren erg\u00e4nzen Studenten der Kindheitsp\u00e4dagogik sowie weitere Honorarkr\u00e4fte unser Team. <br \/>Eine enge Zusammenarbeit besteht au\u00dfer mit dem Lehrerkollegium auch mit den Inklusionsassistenten der Schule, die auch im Nachmittagsbereich eingesetzt werden.<br \/>Dar\u00fcber hinaus bestehen Kooperationen mit dem Jugendamt des Rhein-Kreises (Spielebus), dem Jugendhaus Gilt\u2019y und der Musikschule des Rhein-Kreises Neuss.<\/p>\n<p>[\/et_pb_text][\/et_pb_column][et_pb_column type=&#8220;1_3&#8243; _builder_version=&#8220;4.20.2&#8243; _module_preset=&#8220;default&#8220; global_colors_info=&#8220;{}&#8220;][et_pb_team_member name=&#8220;Monika Dech\u00eane&#8220; position=&#8220;Leitung OGS&#8220; image_url=&#8220;https:\/\/schulen-rommerskirchen.de\/ggs-frixheim\/wp-content\/uploads\/sites\/3\/2024\/04\/Dummybild.svg&#8220; admin_label=&#8220;Leitung OGS&#8220; _builder_version=&#8220;4.24.2&#8243; _module_preset=&#8220;default&#8220; text_orientation=&#8220;center&#8220; custom_css_member_image=&#8220;text-align: center; margin: 0 auto 1em auto; &#8220; border_radii_image=&#8220;on|10px|10px|10px|10px&#8220; box_shadow_style_image=&#8220;preset3&#8243; global_colors_info=&#8220;{}&#8220;][\/et_pb_team_member][\/et_pb_column][et_pb_column type=&#8220;1_3&#8243; _builder_version=&#8220;4.24.2&#8243; _module_preset=&#8220;default&#8220; global_colors_info=&#8220;{}&#8220;][et_pb_team_member name=&#8220;Ulrike Ludewig&#8220; position=&#8220;Stellvertretende Leitung OGS&#8220; image_url=&#8220;https:\/\/schulen-rommerskirchen.de\/ggs-frixheim\/wp-content\/uploads\/sites\/3\/2024\/04\/Dummybild.svg&#8220; admin_label=&#8220;Leitung OGS&#8220; _builder_version=&#8220;4.24.2&#8243; _module_preset=&#8220;default&#8220; text_orientation=&#8220;center&#8220; custom_css_member_image=&#8220;text-align: center; margin: 0 auto 1em auto; &#8220; border_radii_image=&#8220;on|10px|10px|10px|10px&#8220; box_shadow_style_image=&#8220;preset3&#8243; global_colors_info=&#8220;{}&#8220;][\/et_pb_team_member][\/et_pb_column][\/et_pb_row][et_pb_row custom_padding_last_edited=&#8220;off|desktop&#8220; disabled_on=&#8220;on|on|on&#8220; admin_label=&#8220;Zeile&#8220; _builder_version=&#8220;4.24.3&#8243; _module_preset=&#8220;default&#8220; disabled=&#8220;on&#8220; global_colors_info=&#8220;{}&#8220;][et_pb_column type=&#8220;4_4&#8243; _builder_version=&#8220;4.19.5&#8243; _module_preset=&#8220;default&#8220; global_colors_info=&#8220;{}&#8220;][et_pb_text admin_label=&#8220;Das Schulpersonal der OGS&#8220; _builder_version=&#8220;4.24.2&#8243; _module_preset=&#8220;default&#8220; global_colors_info=&#8220;{}&#8220;]<\/p>\n<h3 style=\"text-align: center\">Das Schulpersonal der OGS<\/h3>\n<p>[\/et_pb_text][et_pb_image src=&#8220;https:\/\/schulen-rommerskirchen.de\/ggs-frixheim\/wp-content\/uploads\/sites\/3\/2023\/07\/dummy-imgage.svg&#8220; alt=&#8220;Das Team der OGS Friexheim&#8220; title_text=&#8220;dummy-imgage&#8220; align=&#8220;center&#8220; _builder_version=&#8220;4.24.2&#8243; _module_preset=&#8220;default&#8220; module_alignment=&#8220;center&#8220; border_radii=&#8220;on|10px|10px|10px|10px&#8220; global_colors_info=&#8220;{}&#8220;][\/et_pb_image][\/et_pb_column][\/et_pb_row][et_pb_row disabled_on=&#8220;on|on|on&#8220; _builder_version=&#8220;4.24.3&#8243; _module_preset=&#8220;default&#8220; disabled=&#8220;on&#8220; global_colors_info=&#8220;{}&#8220;][et_pb_column type=&#8220;4_4&#8243; _builder_version=&#8220;4.20.2&#8243; _module_preset=&#8220;default&#8220; global_colors_info=&#8220;{}&#8220;][et_pb_text admin_label=&#8220;Die Hausaufgabenbetreuung&#8220; _builder_version=&#8220;4.22.0&#8243; _module_preset=&#8220;default&#8220; text_orientation=&#8220;center&#8220; global_colors_info=&#8220;{}&#8220;]<\/p>\n<h2>Die Hausaufgabenbetreuung<\/h2>\n<p>[\/et_pb_text][\/et_pb_column][\/et_pb_row][et_pb_row disabled_on=&#8220;on|on|on&#8220; _builder_version=&#8220;4.24.3&#8243; _module_preset=&#8220;default&#8220; disabled=&#8220;on&#8220; global_colors_info=&#8220;{}&#8220;][et_pb_column type=&#8220;4_4&#8243; _builder_version=&#8220;4.20.2&#8243; _module_preset=&#8220;default&#8220; global_colors_info=&#8220;{}&#8220;][et_pb_text admin_label=&#8220;Text Hausaufgabenbetreuung&#8220; _builder_version=&#8220;4.24.2&#8243; _module_preset=&#8220;default&#8220; global_colors_info=&#8220;{}&#8220;]<\/p>\n<p><strong>Die Lernzeit<\/strong><\/p>\n<p>Es gibt drei feste Lernzeiten: 12.30 Uhr- 13.10 Uhr; 13.20 Uhr \u2013 14.10 Uhr; 14.00 Uhr \u2013 14.50 Uhr<\/p>\n<p>Je nach Stundenplan und Jahrgangsstufe nehmen die Kinder im Klassenverband an einer der Lernzeiten teil. Hierf\u00fcr werden die Klassenr\u00e4ume genutzt, wo die Kinder die gewohnte Lernatmosph\u00e4re der Schule wiederfinden.<\/p>\n<p>Die der OGS zur Verf\u00fcgung stehenden Lehrerstunden werden f\u00fcr die Betreuung w\u00e4hrend der Lernzeiten eingesetzt, so dass hier Lehrkr\u00e4fte und OGS-Kr\u00e4fte eng kooperieren.<\/p>\n<p>Au\u00dfer dienstags (Lehrerkonferenz) sind in den Lernzeiten bei allen Klassen Lehrer und Bezugserzieher im Einsatz.<\/p>\n<p>Freitags finden keine Lernzeiten statt.<\/p>\n<p>Die Kinder haben so die Gelegenheit an den offenen Angeboten der OGS freitags teilzunehmen.<\/p>\n<p>[\/et_pb_text][et_pb_gallery gallery_ids=&#8220;694,693&#8243; posts_number=&#8220;2&#8243; show_title_and_caption=&#8220;off&#8220; show_pagination=&#8220;off&#8220; _builder_version=&#8220;4.22.0&#8243; _module_preset=&#8220;default&#8220; border_radii_image=&#8220;on|10px|10px|10px|10px&#8220; box_shadow_style_image=&#8220;preset3&#8243; global_colors_info=&#8220;{}&#8220;][\/et_pb_gallery][\/et_pb_column][\/et_pb_row][et_pb_row make_equal=&#8220;on&#8220; disabled_on=&#8220;on|on|on&#8220; _builder_version=&#8220;4.24.3&#8243; _module_preset=&#8220;default&#8220; disabled=&#8220;on&#8220; global_colors_info=&#8220;{}&#8220;][et_pb_column type=&#8220;4_4&#8243; _builder_version=&#8220;4.20.2&#8243; _module_preset=&#8220;default&#8220; background_color=&#8220;rgba(255,255,255,0.8)&#8220; custom_padding=&#8220;1.5em|1.5em|1.5em|1.5em|true|true&#8220; border_radii=&#8220;on|10px|10px|10px|10px&#8220; box_shadow_style=&#8220;preset3&#8243; global_colors_info=&#8220;{}&#8220;][et_pb_text admin_label=&#8220;Das Mittagessen&#8220; _builder_version=&#8220;4.24.3&#8243; _module_preset=&#8220;default&#8220; background_color=&#8220;RGBA(255,255,255,0)&#8220; text_orientation=&#8220;center&#8220; global_colors_info=&#8220;{}&#8220;]<\/p>\n<h2>Das Mittagessen<\/h2>\n<p>Das Mittagessen wird von einem lokalen Catering-Unternehmen t\u00e4glich frisch zubereitet und<br \/>zeitnah angeliefert.<br \/>Das t\u00e4glich wechselnde Men\u00fc besteht aus Salat oder Rohkost, einem Hauptgericht und einem Nachtisch bzw. Obst.<br \/>Selbstverst\u00e4ndlich k\u00f6nnen auch muslimische, vegetarische bzw. vegane, sowie laktose-und glutenfreie Gerichte bestellt werden. Auch andere Allergien oder Unvertr\u00e4glichkeiten werden ber\u00fccksichtigt.<\/p>\n<p>[\/et_pb_text][\/et_pb_column][\/et_pb_row][et_pb_row disabled_on=&#8220;on|on|on&#8220; _builder_version=&#8220;4.24.3&#8243; _module_preset=&#8220;default&#8220; disabled=&#8220;on&#8220; global_colors_info=&#8220;{}&#8220;][et_pb_column type=&#8220;4_4&#8243; _builder_version=&#8220;4.20.2&#8243; _module_preset=&#8220;default&#8220; global_colors_info=&#8220;{}&#8220;][et_pb_text admin_label=&#8220;Das Angebot der OGS&#8220; _builder_version=&#8220;4.22.0&#8243; _module_preset=&#8220;default&#8220; text_orientation=&#8220;center&#8220; global_colors_info=&#8220;{}&#8220;]<\/p>\n<h2>Das Angebot der OGS<\/h2>\n<p>[\/et_pb_text][\/et_pb_column][\/et_pb_row][et_pb_row column_structure=&#8220;1_2,1_2&#8243; disabled_on=&#8220;on|on|on&#8220; _builder_version=&#8220;4.24.3&#8243; _module_preset=&#8220;default&#8220; disabled=&#8220;on&#8220; global_colors_info=&#8220;{}&#8220;][et_pb_column type=&#8220;1_2&#8243; _builder_version=&#8220;4.20.2&#8243; _module_preset=&#8220;default&#8220; global_colors_info=&#8220;{}&#8220;][et_pb_text admin_label=&#8220;Text Arbeitsgemeinschaften&#8220; _builder_version=&#8220;4.24.2&#8243; _module_preset=&#8220;default&#8220; global_colors_info=&#8220;{}&#8220;]<\/p>\n<p><strong>AG und Ferienbetreuung<\/strong><\/p>\n<p>Zus\u00e4tzlich zu den Arbeitsgemeinschaften der Schule k\u00f6nnen die OGS Kinder am Nachmittag auch aus dem AG-Angebot der OGS ausw\u00e4hlen.<br \/>Das AG-Angebot orientiert sich an den Bed\u00fcrfnissen und W\u00fcnschen der Kinder .<\/p>\n<p>[\/et_pb_text][\/et_pb_column][et_pb_column type=&#8220;1_2&#8243; _builder_version=&#8220;4.20.2&#8243; _module_preset=&#8220;default&#8220; global_colors_info=&#8220;{}&#8220;][et_pb_gallery gallery_ids=&#8220;692,691&#8243; posts_number=&#8220;2&#8243; show_title_and_caption=&#8220;off&#8220; show_pagination=&#8220;off&#8220; _builder_version=&#8220;4.20.2&#8243; _module_preset=&#8220;default&#8220; border_radii_image=&#8220;on|10px|10px|10px|10px&#8220; box_shadow_style_image=&#8220;preset3&#8243; global_colors_info=&#8220;{}&#8220;][\/et_pb_gallery][\/et_pb_column][\/et_pb_row][et_pb_row disabled_on=&#8220;on|on|on&#8220; _builder_version=&#8220;4.24.3&#8243; _module_preset=&#8220;default&#8220; disabled=&#8220;on&#8220; global_colors_info=&#8220;{}&#8220;][et_pb_column type=&#8220;4_4&#8243; _builder_version=&#8220;4.20.1&#8243; _module_preset=&#8220;default&#8220; global_colors_info=&#8220;{}&#8220;][et_pb_text admin_label=&#8220;Downloads&#8220; _builder_version=&#8220;4.24.2&#8243; _module_preset=&#8220;default&#8220; text_orientation=&#8220;center&#8220; global_colors_info=&#8220;{}&#8220;]<\/p>\n<h3>Ferienordnung<\/h3>\n<p>[\/et_pb_text][et_pb_text _builder_version=&#8220;4.24.2&#8243; _module_preset=&#8220;default&#8220; global_colors_info=&#8220;{}&#8220;]<\/p>\n<p>Die Ferienordnung der OGS finden Sie unter <a href=\"https:\/\/schulen-rommerskirchen.de\/ggs-frixheim\/downloads#ogs\">Downloads<\/a>.<\/p>\n<p>[\/et_pb_text][\/et_pb_column][\/et_pb_row][\/et_pb_section][et_pb_section fb_built=&#8220;1&#8243; disabled_on=&#8220;on|on|on&#8220; admin_label=&#8220;Sektion&#8220; _builder_version=&#8220;4.24.2&#8243; background_color=&#8220;#ECF2FF&#8220; use_background_color_gradient=&#8220;on&#8220; background_color_gradient_stops=&#8220;rgba(236,242,255,0.64) 0%|rgba(236,242,255,0.64) 100%&#8220; background_color_gradient_overlays_image=&#8220;on&#8220; background_image=&#8220;https:\/\/schulen-rommerskirchen.de\/ggs-frixheim\/wp-content\/uploads\/sites\/3\/2021\/08\/online-classroom-11.png&#8220; custom_padding=&#8220;||||false|false&#8220; border_width_top=&#8220;1px&#8220; border_color_top=&#8220;#d5e2ff&#8220; disabled=&#8220;on&#8220; global_colors_info=&#8220;{}&#8220;][et_pb_row disabled_on=&#8220;on|on|on&#8220; _builder_version=&#8220;4.20.1&#8243; _module_preset=&#8220;default&#8220; disabled=&#8220;on&#8220; global_colors_info=&#8220;{}&#8220;][et_pb_column type=&#8220;4_4&#8243; _builder_version=&#8220;4.20.1&#8243; _module_preset=&#8220;default&#8220; global_colors_info=&#8220;{}&#8220;][et_pb_text admin_label=&#8220;Informationen und Kontakt zur OGS&#8220; _builder_version=&#8220;4.22.0&#8243; _module_preset=&#8220;default&#8220; text_orientation=&#8220;center&#8220; global_colors_info=&#8220;{}&#8220;]<\/p>\n<h2>Informationen und Kontakt zur OGS<\/h2>\n<p>[\/et_pb_text][\/et_pb_column][\/et_pb_row][et_pb_row column_structure=&#8220;1_2,1_2&#8243; disabled_on=&#8220;on|on|on&#8220; _builder_version=&#8220;4.20.2&#8243; _module_preset=&#8220;default&#8220; border_color_bottom=&#8220;#314077&#8243; border_style_bottom=&#8220;dotted&#8220; disabled=&#8220;on&#8220; global_colors_info=&#8220;{}&#8220;][et_pb_column type=&#8220;1_2&#8243; _builder_version=&#8220;4.20.1&#8243; _module_preset=&#8220;default&#8220; global_colors_info=&#8220;{}&#8220;][et_pb_text admin_label=&#8220;Tr\u00e4ger der OGS&#8220; _builder_version=&#8220;4.22.0&#8243; _module_preset=&#8220;default&#8220; global_colors_info=&#8220;{}&#8220;]<\/p>\n<h3><img loading=\"lazy\" decoding=\"async\" class=\"wp-image-7 alignright size-full\" src=\"https:\/\/schulen-rommerskirchen.de\/ggs-frixheim\/wp-content\/uploads\/sites\/3\/2021\/08\/logo-gemeinde-rommerskirchen.png\" alt=\"Gemeinde Rommerskirchen\" width=\"122\" height=\"126\" \/>Tr\u00e4ger der OGS:<\/h3>\n<p><strong><a title=\"Webseite der Gemeinde Rommerskirchen\" href=\"https:\/\/www.rommerskirchen.de\/\" target=\"_blank\" rel=\"noopener\">Gemeinde Rommerskirchen<\/a><\/strong><br \/>Rathaus \/ Bahnstra\u00dfe 51, 41569 Rommerskirchen<\/p>\n<p>[\/et_pb_text][et_pb_text admin_label=&#8220;Zeiten&#8220; _builder_version=&#8220;4.22.0&#8243; _module_preset=&#8220;default&#8220; global_colors_info=&#8220;{}&#8220;]<\/p>\n<h3>Zeiten<\/h3>\n<table style=\"border-collapse: collapse;width: 100%;float: left\" border=\"0\">\n<tbody>\n<tr style=\"height: 24px;border: 0px\">\n<th style=\"width: 20%;padding: 0px;border: 0px;text-align: left;vertical-align: top\">\u00d6ffnungszeiten:<\/th>\n<td style=\"width: 70%;padding: 0px;border: 0px\">Beginn: 07.30 Uhr<br \/>Ende: 16.00 Uhr<\/td>\n<\/tr>\n<tr style=\"height: 24px;border: 0px\">\n<th style=\"width: 20%;padding: 0px;border: 0px;height: 24px;text-align: left;vertical-align: top\">Mittagessen:<\/th>\n<td style=\"width: 70%;padding: 0px;border: 0px;height: 24px\">Essenszeiten nach Unterrichtsschluss.<br \/>11.45 Uhr &#8211; 12.30 Uhr<br \/>12.40 Uhr &#8211; 13.15 Uhr<br \/>13.30 Uhr &#8211; 14.15 Uhr<\/td>\n<\/tr>\n<\/tbody>\n<\/table>\n<p>[\/et_pb_text][et_pb_text admin_label=&#8220;Beitr\u00e4ge &#8220; _builder_version=&#8220;4.22.0&#8243; _module_preset=&#8220;default&#8220; global_colors_info=&#8220;{}&#8220;]<\/p>\n<h3>Beitr\u00e4ge (Stand 2017)<\/h3>\n<table style=\"border-collapse: collapse;width: 100%\" border=\"0\">\n<tbody>\n<tr>\n<th style=\"width: 20%;padding: 0;border: 0\">OGS Beitrag:<\/th>\n<td style=\"width: 70%;padding: 0;border: 0\">bis zu 120\u20ac pro Monat (gestaffelt nach Einkommen)<\/td>\n<\/tr>\n<tr>\n<th style=\"width: 20%;padding: 0;border: 0\">Mittagessen:<\/th>\n<td style=\"width: 70%;padding: 0;border: 0\">pauschal 46\u20ac pro Monat<\/td>\n<\/tr>\n<\/tbody>\n<\/table>\n<p>[\/et_pb_text][\/et_pb_column][et_pb_column type=&#8220;1_2&#8243; _builder_version=&#8220;4.20.1&#8243; _module_preset=&#8220;default&#8220; global_colors_info=&#8220;{}&#8220;][et_pb_text admin_label=&#8220;Kontakt&#8220; _builder_version=&#8220;4.22.0&#8243; _module_preset=&#8220;default&#8220; global_colors_info=&#8220;{}&#8220;]<\/p>\n<h3>Kontakt<\/h3>\n<p>[\/et_pb_text][et_pb_text admin_label=&#8220;Christiane Schlangen&#8220; _builder_version=&#8220;4.22.0&#8243; _module_preset=&#8220;default&#8220; header_3_font_size=&#8220;23px&#8220; header_4_font=&#8220;FireSans|600|||||||&#8220; header_4_text_color=&#8220;#464646&#8243; header_4_font_size=&#8220;17px&#8220; global_colors_info=&#8220;{}&#8220;]<\/p>\n<h4><strong>Christiane Schlangen<\/strong><\/h4>\n<p>(Schulleiterin)<\/p>\n<p>Telefon: <a title=\"Rufen Sie uns an\" href=\"tel:+49-2183-7333\">0 21 83 \/ 73 33<\/a><br \/>Telefax: <a title=\"Rufen Sie uns an\" href=\"tel:+49-2183-82699\">0 21 83 \/ 8 26 99<\/a><br \/>Email: <a title=\"Nehmen Sie Kontakt zu uns auf\" href=\"mailto:ggs-frixheim@rommerskirchen.de\">ggs-frixheim@rommerskirchen.de<\/a><\/p>\n<p>[\/et_pb_text][et_pb_text admin_label=&#8220;Monika Dech\u00eane&#8220; _builder_version=&#8220;4.22.0&#8243; _module_preset=&#8220;default&#8220; header_3_font_size=&#8220;23px&#8220; header_4_font=&#8220;FireSans|600|||||||&#8220; header_4_text_color=&#8220;#464646&#8243; header_4_font_size=&#8220;17px&#8220; custom_margin=&#8220;1.5em||||false|false&#8220; global_colors_info=&#8220;{}&#8220;]<\/p>\n<h4><strong>Monika Dech\u00eane<\/strong><\/h4>\n<p>(OGS Leiterin)<\/p>\n<p>Telefon: <a title=\"Rufen Sie uns an\" href=\"tel:+49-2183-806795\">0 21 83 \/ 8 06 79 50<\/a><br \/>Email: <a title=\"Nehmen Sie Kontakt zu uns auf\" href=\"mailto:ogs-frixheim@rommerskirchen.de\">ogs-frixheim@rommerskirchen.de<\/a><\/p>\n<p>[\/et_pb_text][\/et_pb_column][\/et_pb_row][\/et_pb_section]<\/p>\n","protected":false},"excerpt":{"rendered":"<p>Offene GanztagsschuleDie GGS Frixheim ist seit dem Schuljahr 2003\/04 Offene Ganztagsschule und will als solche F\u00f6rderung, Bildung, Erziehung und Betreuung unter einem Dach vereinen. Im Schulprogramm sind f\u00fcr den Unterricht am Vormittag die F\u00f6rderung der Sozialf\u00e4higkeit und die St\u00e4rkung der Selbstst\u00e4ndigkeit besonders betont. Diese Grunds\u00e4tze gelten gleicherma\u00dfen f\u00fcr die nachmitt\u00e4gliche Arbeit.Auch hier sollen die Kinder [&hellip;]<\/p>\n","protected":false},"author":1,"featured_media":0,"parent":0,"menu_order":4,"comment_status":"closed","ping_status":"closed","template":"","meta":{"_et_pb_use_builder":"on","_et_pb_old_content":"","_et_gb_content_width":"","inline_featured_image":false,"footnotes":"","_links_to":"","_links_to_target":""},"class_list":["post-66","page","type-page","status-publish","hentry"],"yoast_head":"<!-- This site is optimized with the Yoast SEO plugin v27.5 - https:\/\/yoast.com\/product\/yoast-seo-wordpress\/ -->\n<title>OGS - GGS Frixheim<\/title>\n<meta name=\"robots\" content=\"index, follow, max-snippet:-1, max-image-preview:large, max-video-preview:-1\" \/>\n<link rel=\"canonical\" href=\"https:\/\/schulen-rommerskirchen.de\/ggs-frixheim\/ogs\/\" \/>\n<meta property=\"og:locale\" content=\"de_DE\" \/>\n<meta property=\"og:type\" content=\"article\" \/>\n<meta property=\"og:title\" content=\"OGS - GGS Frixheim\" \/>\n<meta property=\"og:description\" content=\"Offene GanztagsschuleDie GGS Frixheim ist seit dem Schuljahr 2003\/04 Offene Ganztagsschule und will als solche F\u00f6rderung, Bildung, Erziehung und Betreuung unter einem Dach vereinen. Im Schulprogramm sind f\u00fcr den Unterricht am Vormittag die F\u00f6rderung der Sozialf\u00e4higkeit und die St\u00e4rkung der Selbstst\u00e4ndigkeit besonders betont. Diese Grunds\u00e4tze gelten gleicherma\u00dfen f\u00fcr die nachmitt\u00e4gliche Arbeit.Auch hier sollen die Kinder [&hellip;]\" \/>\n<meta property=\"og:url\" content=\"https:\/\/schulen-rommerskirchen.de\/ggs-frixheim\/ogs\/\" \/>\n<meta property=\"og:site_name\" content=\"GGS Frixheim\" \/>\n<meta property=\"article:modified_time\" content=\"2024-06-03T11:45:51+00:00\" \/>\n<meta property=\"og:image\" content=\"https:\/\/schulen-rommerskirchen.de\/ggs-frixheim\/wp-content\/uploads\/sites\/3\/2021\/08\/logo-gemeinde-rommerskirchen.png\" \/>\n<script type=\"application\/ld+json\" class=\"yoast-schema-graph\">{\"@context\":\"https:\\\/\\\/schema.org\",\"@graph\":[{\"@type\":\"WebPage\",\"@id\":\"https:\\\/\\\/schulen-rommerskirchen.de\\\/ggs-frixheim\\\/ogs\\\/\",\"url\":\"https:\\\/\\\/schulen-rommerskirchen.de\\\/ggs-frixheim\\\/ogs\\\/\",\"name\":\"OGS - GGS Frixheim\",\"isPartOf\":{\"@id\":\"https:\\\/\\\/schulen-rommerskirchen.de\\\/ggs-frixheim\\\/#website\"},\"primaryImageOfPage\":{\"@id\":\"https:\\\/\\\/schulen-rommerskirchen.de\\\/ggs-frixheim\\\/ogs\\\/#primaryimage\"},\"image\":{\"@id\":\"https:\\\/\\\/schulen-rommerskirchen.de\\\/ggs-frixheim\\\/ogs\\\/#primaryimage\"},\"thumbnailUrl\":\"https:\\\/\\\/schulen-rommerskirchen.de\\\/ggs-frixheim\\\/wp-content\\\/uploads\\\/sites\\\/3\\\/2021\\\/08\\\/logo-gemeinde-rommerskirchen.png\",\"datePublished\":\"2021-08-04T14:36:05+00:00\",\"dateModified\":\"2024-06-03T11:45:51+00:00\",\"breadcrumb\":{\"@id\":\"https:\\\/\\\/schulen-rommerskirchen.de\\\/ggs-frixheim\\\/ogs\\\/#breadcrumb\"},\"inLanguage\":\"de\",\"potentialAction\":[{\"@type\":\"ReadAction\",\"target\":[\"https:\\\/\\\/schulen-rommerskirchen.de\\\/ggs-frixheim\\\/ogs\\\/\"]}]},{\"@type\":\"ImageObject\",\"inLanguage\":\"de\",\"@id\":\"https:\\\/\\\/schulen-rommerskirchen.de\\\/ggs-frixheim\\\/ogs\\\/#primaryimage\",\"url\":\"https:\\\/\\\/schulen-rommerskirchen.de\\\/ggs-frixheim\\\/wp-content\\\/uploads\\\/sites\\\/3\\\/2021\\\/08\\\/logo-gemeinde-rommerskirchen.png\",\"contentUrl\":\"https:\\\/\\\/schulen-rommerskirchen.de\\\/ggs-frixheim\\\/wp-content\\\/uploads\\\/sites\\\/3\\\/2021\\\/08\\\/logo-gemeinde-rommerskirchen.png\",\"width\":122,\"height\":126,\"caption\":\"Gemeinde Rommerskirchen\"},{\"@type\":\"BreadcrumbList\",\"@id\":\"https:\\\/\\\/schulen-rommerskirchen.de\\\/ggs-frixheim\\\/ogs\\\/#breadcrumb\",\"itemListElement\":[{\"@type\":\"ListItem\",\"position\":1,\"name\":\"Startseite\",\"item\":\"https:\\\/\\\/schulen-rommerskirchen.de\\\/ggs-frixheim\\\/\"},{\"@type\":\"ListItem\",\"position\":2,\"name\":\"OGS\"}]},{\"@type\":\"WebSite\",\"@id\":\"https:\\\/\\\/schulen-rommerskirchen.de\\\/ggs-frixheim\\\/#website\",\"url\":\"https:\\\/\\\/schulen-rommerskirchen.de\\\/ggs-frixheim\\\/\",\"name\":\"GGS Frixheim\",\"description\":\"Eine weitere Schulen - Rommerskirchen Websites Website\",\"publisher\":{\"@id\":\"https:\\\/\\\/schulen-rommerskirchen.de\\\/ggs-frixheim\\\/#organization\"},\"potentialAction\":[{\"@type\":\"SearchAction\",\"target\":{\"@type\":\"EntryPoint\",\"urlTemplate\":\"https:\\\/\\\/schulen-rommerskirchen.de\\\/ggs-frixheim\\\/?s={search_term_string}\"},\"query-input\":{\"@type\":\"PropertyValueSpecification\",\"valueRequired\":true,\"valueName\":\"search_term_string\"}}],\"inLanguage\":\"de\"},{\"@type\":\"Organization\",\"@id\":\"https:\\\/\\\/schulen-rommerskirchen.de\\\/ggs-frixheim\\\/#organization\",\"name\":\"Gemeinschaftsgrundschule Frixheim\",\"alternateName\":\"GGS Frixheim\",\"url\":\"https:\\\/\\\/schulen-rommerskirchen.de\\\/ggs-frixheim\\\/\",\"logo\":{\"@type\":\"ImageObject\",\"inLanguage\":\"de\",\"@id\":\"https:\\\/\\\/schulen-rommerskirchen.de\\\/ggs-frixheim\\\/#\\\/schema\\\/logo\\\/image\\\/\",\"url\":\"https:\\\/\\\/schulen-rommerskirchen.de\\\/ggs-frixheim\\\/wp-content\\\/uploads\\\/sites\\\/3\\\/2023\\\/03\\\/Logo-Frixheim-Schulclown.png\",\"contentUrl\":\"https:\\\/\\\/schulen-rommerskirchen.de\\\/ggs-frixheim\\\/wp-content\\\/uploads\\\/sites\\\/3\\\/2023\\\/03\\\/Logo-Frixheim-Schulclown.png\",\"width\":1284,\"height\":1278,\"caption\":\"Gemeinschaftsgrundschule Frixheim\"},\"image\":{\"@id\":\"https:\\\/\\\/schulen-rommerskirchen.de\\\/ggs-frixheim\\\/#\\\/schema\\\/logo\\\/image\\\/\"}}]}<\/script>\n<!-- \/ Yoast SEO plugin. -->","yoast_head_json":{"title":"OGS - GGS Frixheim","robots":{"index":"index","follow":"follow","max-snippet":"max-snippet:-1","max-image-preview":"max-image-preview:large","max-video-preview":"max-video-preview:-1"},"canonical":"https:\/\/schulen-rommerskirchen.de\/ggs-frixheim\/ogs\/","og_locale":"de_DE","og_type":"article","og_title":"OGS - GGS Frixheim","og_description":"Offene GanztagsschuleDie GGS Frixheim ist seit dem Schuljahr 2003\/04 Offene Ganztagsschule und will als solche F\u00f6rderung, Bildung, Erziehung und Betreuung unter einem Dach vereinen. Im Schulprogramm sind f\u00fcr den Unterricht am Vormittag die F\u00f6rderung der Sozialf\u00e4higkeit und die St\u00e4rkung der Selbstst\u00e4ndigkeit besonders betont. Diese Grunds\u00e4tze gelten gleicherma\u00dfen f\u00fcr die nachmitt\u00e4gliche Arbeit.Auch hier sollen die Kinder [&hellip;]","og_url":"https:\/\/schulen-rommerskirchen.de\/ggs-frixheim\/ogs\/","og_site_name":"GGS Frixheim","article_modified_time":"2024-06-03T11:45:51+00:00","og_image":[{"url":"https:\/\/schulen-rommerskirchen.de\/ggs-frixheim\/wp-content\/uploads\/sites\/3\/2021\/08\/logo-gemeinde-rommerskirchen.png","type":"","width":"","height":""}],"schema":{"@context":"https:\/\/schema.org","@graph":[{"@type":"WebPage","@id":"https:\/\/schulen-rommerskirchen.de\/ggs-frixheim\/ogs\/","url":"https:\/\/schulen-rommerskirchen.de\/ggs-frixheim\/ogs\/","name":"OGS - GGS Frixheim","isPartOf":{"@id":"https:\/\/schulen-rommerskirchen.de\/ggs-frixheim\/#website"},"primaryImageOfPage":{"@id":"https:\/\/schulen-rommerskirchen.de\/ggs-frixheim\/ogs\/#primaryimage"},"image":{"@id":"https:\/\/schulen-rommerskirchen.de\/ggs-frixheim\/ogs\/#primaryimage"},"thumbnailUrl":"https:\/\/schulen-rommerskirchen.de\/ggs-frixheim\/wp-content\/uploads\/sites\/3\/2021\/08\/logo-gemeinde-rommerskirchen.png","datePublished":"2021-08-04T14:36:05+00:00","dateModified":"2024-06-03T11:45:51+00:00","breadcrumb":{"@id":"https:\/\/schulen-rommerskirchen.de\/ggs-frixheim\/ogs\/#breadcrumb"},"inLanguage":"de","potentialAction":[{"@type":"ReadAction","target":["https:\/\/schulen-rommerskirchen.de\/ggs-frixheim\/ogs\/"]}]},{"@type":"ImageObject","inLanguage":"de","@id":"https:\/\/schulen-rommerskirchen.de\/ggs-frixheim\/ogs\/#primaryimage","url":"https:\/\/schulen-rommerskirchen.de\/ggs-frixheim\/wp-content\/uploads\/sites\/3\/2021\/08\/logo-gemeinde-rommerskirchen.png","contentUrl":"https:\/\/schulen-rommerskirchen.de\/ggs-frixheim\/wp-content\/uploads\/sites\/3\/2021\/08\/logo-gemeinde-rommerskirchen.png","width":122,"height":126,"caption":"Gemeinde Rommerskirchen"},{"@type":"BreadcrumbList","@id":"https:\/\/schulen-rommerskirchen.de\/ggs-frixheim\/ogs\/#breadcrumb","itemListElement":[{"@type":"ListItem","position":1,"name":"Startseite","item":"https:\/\/schulen-rommerskirchen.de\/ggs-frixheim\/"},{"@type":"ListItem","position":2,"name":"OGS"}]},{"@type":"WebSite","@id":"https:\/\/schulen-rommerskirchen.de\/ggs-frixheim\/#website","url":"https:\/\/schulen-rommerskirchen.de\/ggs-frixheim\/","name":"GGS Frixheim","description":"Eine weitere Schulen - Rommerskirchen Websites Website","publisher":{"@id":"https:\/\/schulen-rommerskirchen.de\/ggs-frixheim\/#organization"},"potentialAction":[{"@type":"SearchAction","target":{"@type":"EntryPoint","urlTemplate":"https:\/\/schulen-rommerskirchen.de\/ggs-frixheim\/?s={search_term_string}"},"query-input":{"@type":"PropertyValueSpecification","valueRequired":true,"valueName":"search_term_string"}}],"inLanguage":"de"},{"@type":"Organization","@id":"https:\/\/schulen-rommerskirchen.de\/ggs-frixheim\/#organization","name":"Gemeinschaftsgrundschule Frixheim","alternateName":"GGS Frixheim","url":"https:\/\/schulen-rommerskirchen.de\/ggs-frixheim\/","logo":{"@type":"ImageObject","inLanguage":"de","@id":"https:\/\/schulen-rommerskirchen.de\/ggs-frixheim\/#\/schema\/logo\/image\/","url":"https:\/\/schulen-rommerskirchen.de\/ggs-frixheim\/wp-content\/uploads\/sites\/3\/2023\/03\/Logo-Frixheim-Schulclown.png","contentUrl":"https:\/\/schulen-rommerskirchen.de\/ggs-frixheim\/wp-content\/uploads\/sites\/3\/2023\/03\/Logo-Frixheim-Schulclown.png","width":1284,"height":1278,"caption":"Gemeinschaftsgrundschule Frixheim"},"image":{"@id":"https:\/\/schulen-rommerskirchen.de\/ggs-frixheim\/#\/schema\/logo\/image\/"}}]}},"publishpress_future_action":{"enabled":false,"date":"2026-05-08 15:25:28","action":"change-status","newStatus":"draft","terms":[],"taxonomy":"","extraData":[]},"publishpress_future_workflow_manual_trigger":{"enabledWorkflows":[]},"_links":{"self":[{"href":"https:\/\/schulen-rommerskirchen.de\/ggs-frixheim\/wp-json\/wp\/v2\/pages\/66","targetHints":{"allow":["GET"]}}],"collection":[{"href":"https:\/\/schulen-rommerskirchen.de\/ggs-frixheim\/wp-json\/wp\/v2\/pages"}],"about":[{"href":"https:\/\/schulen-rommerskirchen.de\/ggs-frixheim\/wp-json\/wp\/v2\/types\/page"}],"author":[{"embeddable":true,"href":"https:\/\/schulen-rommerskirchen.de\/ggs-frixheim\/wp-json\/wp\/v2\/users\/1"}],"replies":[{"embeddable":true,"href":"https:\/\/schulen-rommerskirchen.de\/ggs-frixheim\/wp-json\/wp\/v2\/comments?post=66"}],"version-history":[{"count":82,"href":"https:\/\/schulen-rommerskirchen.de\/ggs-frixheim\/wp-json\/wp\/v2\/pages\/66\/revisions"}],"predecessor-version":[{"id":1665,"href":"https:\/\/schulen-rommerskirchen.de\/ggs-frixheim\/wp-json\/wp\/v2\/pages\/66\/revisions\/1665"}],"wp:attachment":[{"href":"https:\/\/schulen-rommerskirchen.de\/ggs-frixheim\/wp-json\/wp\/v2\/media?parent=66"}],"curies":[{"name":"wp","href":"https:\/\/api.w.org\/{rel}","templated":true}]}}